{"id":968,"date":"2023-04-20T08:18:49","date_gmt":"2023-04-20T14:18:49","guid":{"rendered":"https:\/\/demosites.royal-elementor-addons.com\/personal-blog-v3\/?page_id=394"},"modified":"2023-04-20T08:18:49","modified_gmt":"2023-04-20T14:18:49","slug":"home-v3","status":"publish","type":"page","link":"https:\/\/profesionalizacionstem.com\/index.php\/home-v3\/","title":{"rendered":"Home V3"},"content":{"rendered":"\t\t<div data-elementor-type=\"wp-page\" data-elementor-id=\"968\" class=\"elementor elementor-968\">\n\t\t\t\t\t\t<section class=\"elementor-section elementor-top-section elementor-element elementor-element-9742a21 elementor-section-boxed elementor-section-height-default elementor-section-height-default wpr-particle-no wpr-jarallax-no wpr-parallax-no wpr-sticky-section-no\" data-id=\"9742a21\" data-element_type=\"section\">\n\t\t\t\t\t\t<div class=\"elementor-container elementor-column-gap-default\">\n\t\t\t\t\t<div class=\"elementor-column elementor-col-100 elementor-top-column elementor-element elementor-element-fe12a83\" data-id=\"fe12a83\" data-element_type=\"column\">\n\t\t\t<div class=\"elementor-widget-wrap elementor-element-populated\">\n\t\t\t\t\t\t<div class=\"elementor-element elementor-element-d908e16 wpr-grid-slider-columns-2 wpr-grid-slider-columns--laptop2 wpr-grid-slider-columns--tablet1 wpr-grid-slider-columns--mobile1 wpr-item-styles-inner elementor-widget elementor-widget-wpr-grid\" data-id=\"d908e16\" data-element_type=\"widget\" data-settings=\"{&quot;layout_slider_amount&quot;:&quot;2&quot;,&quot;layout_slider_amount_laptop&quot;:&quot;2&quot;,&quot;layout_slider_amount_tablet&quot;:&quot;1&quot;,&quot;layout_slider_amount_mobile&quot;:1,&quot;layout_slides_to_scroll&quot;:1,&quot;layout_slider_loop&quot;:&quot;yes&quot;}\" data-widget_type=\"wpr-grid.default\">\n\t\t\t\t\t<section class=\"wpr-grid elementor-clearfix\" dir=\"ltr\" data-slick=\"{&quot;rtl&quot;:false,&quot;infinite&quot;:true,&quot;speed&quot;:700,&quot;arrows&quot;:true,&quot;dots&quot;:true,&quot;autoplay&quot;:false,&quot;autoplaySpeed&quot;:0,&quot;pauseOnHover&quot;:&quot;&quot;,&quot;prevArrow&quot;:&quot;#wpr-grid-slider-prev-d908e16&quot;,&quot;nextArrow&quot;:&quot;#wpr-grid-slider-next-d908e16&quot;,&quot;sliderSlidesToScroll&quot;:1,&quot;lightbox&quot;:{&quot;selector&quot;:&quot;article:not(.slick-cloned) .wpr-grid-image-wrap&quot;,&quot;iframeMaxWidth&quot;:&quot;60%&quot;,&quot;hash&quot;:false,&quot;autoplay&quot;:&quot;true&quot;,&quot;pause&quot;:5000,&quot;progressBar&quot;:&quot;true&quot;,&quot;counter&quot;:&quot;true&quot;,&quot;controls&quot;:&quot;true&quot;,&quot;getCaptionFromTitleOrAlt&quot;:&quot;true&quot;,&quot;thumbnail&quot;:&quot;&quot;,&quot;showThumbByDefault&quot;:&quot;&quot;,&quot;share&quot;:&quot;&quot;,&quot;zoom&quot;:&quot;true&quot;,&quot;fullScreen&quot;:&quot;true&quot;,&quot;download&quot;:&quot;true&quot;}}\"><article class=\"wpr-grid-item elementor-clearfix post-1190 post type-post status-publish format-standard has-post-thumbnail hentry category-sin-categoria\"><div class=\"wpr-grid-item-inner\"><div class=\"wpr-grid-media-wrap wpr-effect-size-medium \" data-overlay-link=\"yes\"><div class=\"wpr-grid-image-wrap\" data-src=\"https:\/\/profesionalizacionstem.com\/wp-content\/uploads\/elementor\/thumbs\/Saberes-del-Cafe-y-Futuro-del-Territorio-rmn3ssmln2nl3kz2e6hmf4b4efr7rqih7kmvmywfhs.png\" data-img-on-hover=\"\"  data-src-secondary=\"\"><img decoding=\"async\" data-no-lazy=\"1\" src=\"https:\/\/profesionalizacionstem.com\/wp-content\/uploads\/elementor\/thumbs\/Saberes-del-Cafe-y-Futuro-del-Territorio-rmn3ssmln2nl3kz2e6hmf4b4efr7rqih7kmvmywfhs.png\" alt=\"Saberes del Caf\u00e9 y Futuro del Territorio\" class=\"wpr-anim-timing-ease-default\"><\/div><div class=\"wpr-grid-media-hover wpr-animation-wrap\"><div class=\"wpr-grid-media-hover-bg \" data-url=\"https:\/\/profesionalizacionstem.com\/index.php\/2026\/04\/27\/saberes-del-cafe-y-futuro-del-territorio\/\"><\/div><div class=\"wpr-cv-container\"><div class=\"wpr-cv-outer\"><div class=\"wpr-cv-inner\"><div class=\"wpr-grid-media-hover-middle elementor-clearfix\"><div class=\"wpr-grid-item-category elementor-repeater-item-20a871c wpr-grid-item-display-block wpr-grid-item-align-center wpr-pointer-none wpr-pointer-line-fx wpr-pointer-fx-fade wpr-grid-tax-style-1\"><div class=\"inner-block\"><a class=\" wpr-tax-id-1\" href=\"https:\/\/profesionalizacionstem.com\/index.php\/category\/sin-categoria\/\">Sin categor\u00eda<\/a><\/div><\/div><h2 class=\"wpr-grid-item-title elementor-repeater-item-40ad6a2 wpr-grid-item-display-block wpr-grid-item-align-center wpr-pointer-none wpr-pointer-line-fx wpr-pointer-fx-fade\"><div class=\"inner-block\"><a target=\"_self\"  href=\"https:\/\/profesionalizacionstem.com\/index.php\/2026\/04\/27\/saberes-del-cafe-y-futuro-del-territorio\/\">Saberes del Caf\u00e9 y Futuro del Territorio<\/a><\/div><\/h2><div class=\"wpr-grid-item-excerpt elementor-repeater-item-c676aa8 wpr-grid-item-display-block wpr-grid-item-align-center\"><div class=\"inner-block\"><p>Curso-taller para el fortalecimiento productivo, organizativo y sostenible en la Huasteca Sur 29 y 30 de abril de 2026 Sede: Unidad Acad\u00e9mica Multidisciplinaria Regi\u00f3n Huasteca Sur de...<\/p><\/div><\/div><div class=\"wpr-grid-item-read-more elementor-repeater-item-dc1ba9e wpr-grid-item-display-block wpr-grid-item-align-center\"><div class=\"inner-block\"><a target=\"_self\" href=\"https:\/\/profesionalizacionstem.com\/index.php\/2026\/04\/27\/saberes-del-cafe-y-futuro-del-territorio\/\" class=\"wpr-button-effect wpr-button-none\"><span>Read More<\/span><\/a><\/div><\/div><\/div><\/div><\/div><\/div><\/div><\/div><\/div><\/article><article class=\"wpr-grid-item elementor-clearfix post-1186 post type-post status-publish format-standard has-post-thumbnail hentry category-sin-categoria\"><div class=\"wpr-grid-item-inner\"><div class=\"wpr-grid-media-wrap wpr-effect-size-medium \" data-overlay-link=\"yes\"><div class=\"wpr-grid-image-wrap\" data-src=\"https:\/\/profesionalizacionstem.com\/wp-content\/uploads\/elementor\/thumbs\/WhatsApp-Image-2026-04-24-at-2.06.35-PM-rmi0qtwyxtho9x9j5mr1e2o6c8umost8ia16lhwmsw.jpeg\" data-img-on-hover=\"\"  data-src-secondary=\"\"><img decoding=\"async\" data-no-lazy=\"1\" src=\"https:\/\/profesionalizacionstem.com\/wp-content\/uploads\/elementor\/thumbs\/WhatsApp-Image-2026-04-24-at-2.06.35-PM-rmi0qtwyxtho9x9j5mr1e2o6c8umost8ia16lhwmsw.jpeg\" alt=\"CUENTA CUENTOS EN LENGUA DE SE\u00d1AS MEXICANA\" class=\"wpr-anim-timing-ease-default\"><\/div><div class=\"wpr-grid-media-hover wpr-animation-wrap\"><div class=\"wpr-grid-media-hover-bg \" data-url=\"https:\/\/profesionalizacionstem.com\/index.php\/2026\/04\/24\/cuenta-cuentos-en-lengua-de-senas-mexicana\/\"><\/div><div class=\"wpr-cv-container\"><div class=\"wpr-cv-outer\"><div class=\"wpr-cv-inner\"><div class=\"wpr-grid-media-hover-middle elementor-clearfix\"><div class=\"wpr-grid-item-category elementor-repeater-item-20a871c wpr-grid-item-display-block wpr-grid-item-align-center wpr-pointer-none wpr-pointer-line-fx wpr-pointer-fx-fade wpr-grid-tax-style-1\"><div class=\"inner-block\"><a class=\" wpr-tax-id-1\" href=\"https:\/\/profesionalizacionstem.com\/index.php\/category\/sin-categoria\/\">Sin categor\u00eda<\/a><\/div><\/div><h2 class=\"wpr-grid-item-title elementor-repeater-item-40ad6a2 wpr-grid-item-display-block wpr-grid-item-align-center wpr-pointer-none wpr-pointer-line-fx wpr-pointer-fx-fade\"><div class=\"inner-block\"><a target=\"_self\"  href=\"https:\/\/profesionalizacionstem.com\/index.php\/2026\/04\/24\/cuenta-cuentos-en-lengua-de-senas-mexicana\/\">CUENTA CUENTOS EN LENGUA DE SE\u00d1AS MEXICANA<\/a><\/div><\/h2><div class=\"wpr-grid-item-excerpt elementor-repeater-item-c676aa8 wpr-grid-item-display-block wpr-grid-item-align-center\"><div class=\"inner-block\"><p>\u00abHISTORIAS QUE SE SIENTEN\u00bb La lectura abre mundos y la comunicaci\u00f3n inclusiva Ponente: Lic. Gabriela Montes Herrera, Int\u00e9rprete certificada de Lengua de Se\u00f1as Mexicana. Lugar: Unidad Acad\u00e9mica...<\/p><\/div><\/div><div class=\"wpr-grid-item-read-more elementor-repeater-item-dc1ba9e wpr-grid-item-display-block wpr-grid-item-align-center\"><div class=\"inner-block\"><a target=\"_self\" href=\"https:\/\/profesionalizacionstem.com\/index.php\/2026\/04\/24\/cuenta-cuentos-en-lengua-de-senas-mexicana\/\" class=\"wpr-button-effect wpr-button-none\"><span>Read More<\/span><\/a><\/div><\/div><\/div><\/div><\/div><\/div><\/div><\/div><\/div><\/article><article class=\"wpr-grid-item elementor-clearfix post-1183 post type-post status-publish format-standard has-post-thumbnail hentry category-sin-categoria\"><div class=\"wpr-grid-item-inner\"><div class=\"wpr-grid-media-wrap wpr-effect-size-medium \" data-overlay-link=\"yes\"><div class=\"wpr-grid-image-wrap\" data-src=\"https:\/\/profesionalizacionstem.com\/wp-content\/uploads\/elementor\/thumbs\/Constancias-rmfwqu6vxa4gatg2fhfk6zq31c7ipc41cdgjfol84w.png\" data-img-on-hover=\"\"  data-src-secondary=\"\"><img decoding=\"async\" data-no-lazy=\"1\" src=\"https:\/\/profesionalizacionstem.com\/wp-content\/uploads\/elementor\/thumbs\/Constancias-rmfwqu6vxa4gatg2fhfk6zq31c7ipc41cdgjfol84w.png\" alt=\"Agradecimiento a los asistentes del 6\u00ba STEM de Tamazunchale\" class=\"wpr-anim-timing-ease-default\"><\/div><div class=\"wpr-grid-media-hover wpr-animation-wrap\"><div class=\"wpr-grid-media-hover-bg \" data-url=\"https:\/\/profesionalizacionstem.com\/index.php\/2026\/04\/24\/agradecimiento-a-los-asistentes-del-6o-stem-de-tamazunchale\/\"><\/div><div class=\"wpr-cv-container\"><div class=\"wpr-cv-outer\"><div class=\"wpr-cv-inner\"><div class=\"wpr-grid-media-hover-middle elementor-clearfix\"><div class=\"wpr-grid-item-category elementor-repeater-item-20a871c wpr-grid-item-display-block wpr-grid-item-align-center wpr-pointer-none wpr-pointer-line-fx wpr-pointer-fx-fade wpr-grid-tax-style-1\"><div class=\"inner-block\"><a class=\" wpr-tax-id-1\" href=\"https:\/\/profesionalizacionstem.com\/index.php\/category\/sin-categoria\/\">Sin categor\u00eda<\/a><\/div><\/div><h2 class=\"wpr-grid-item-title elementor-repeater-item-40ad6a2 wpr-grid-item-display-block wpr-grid-item-align-center wpr-pointer-none wpr-pointer-line-fx wpr-pointer-fx-fade\"><div class=\"inner-block\"><a target=\"_self\"  href=\"https:\/\/profesionalizacionstem.com\/index.php\/2026\/04\/24\/agradecimiento-a-los-asistentes-del-6o-stem-de-tamazunchale\/\">Agradecimiento a los asistentes del 6\u00ba STEM de Tamazunchale<\/a><\/div><\/h2><div class=\"wpr-grid-item-excerpt elementor-repeater-item-c676aa8 wpr-grid-item-display-block wpr-grid-item-align-center\"><div class=\"inner-block\"><p>Queremos expresar nuestro m\u00e1s sincero agradecimiento a todas y todos los participantes que formaron parte del 6\u00ba STEM. Su entusiasmo, compromiso y disposici\u00f3n que hicieron de este...<\/p><\/div><\/div><div class=\"wpr-grid-item-read-more elementor-repeater-item-dc1ba9e wpr-grid-item-display-block wpr-grid-item-align-center\"><div class=\"inner-block\"><a target=\"_self\" href=\"https:\/\/profesionalizacionstem.com\/index.php\/2026\/04\/24\/agradecimiento-a-los-asistentes-del-6o-stem-de-tamazunchale\/\" class=\"wpr-button-effect wpr-button-none\"><span>Read More<\/span><\/a><\/div><\/div><\/div><\/div><\/div><\/div><\/div><\/div><\/div><\/article><article class=\"wpr-grid-item elementor-clearfix post-1167 post type-post status-publish format-standard has-post-thumbnail hentry category-sin-categoria\"><div class=\"wpr-grid-item-inner\"><div class=\"wpr-grid-media-wrap wpr-effect-size-medium \" data-overlay-link=\"yes\"><div class=\"wpr-grid-image-wrap\" data-src=\"https:\/\/profesionalizacionstem.com\/wp-content\/uploads\/elementor\/thumbs\/588615627_1572123841054178_5812666029688437518_n-rfht9u62pdfl193ds63nmb27cx2wqhbrykj77xyir4.jpg\" data-img-on-hover=\"\"  data-src-secondary=\"\"><img decoding=\"async\" data-no-lazy=\"1\" src=\"https:\/\/profesionalizacionstem.com\/wp-content\/uploads\/elementor\/thumbs\/588615627_1572123841054178_5812666029688437518_n-rfht9u62pdfl193ds63nmb27cx2wqhbrykj77xyir4.jpg\" alt=\"Medalla al M\u00e9rito Educativo 2025 otorgada a Pilar Suarez en la XVIII Reuni\u00f3n de la AAPT-Mx.\" class=\"wpr-anim-timing-ease-default\"><\/div><div class=\"wpr-grid-media-hover wpr-animation-wrap\"><div class=\"wpr-grid-media-hover-bg \" data-url=\"https:\/\/profesionalizacionstem.com\/index.php\/2025\/11\/30\/medalla-al-merito-educativo-2025-otorgada-a-pilar-suarez-en-la-xviii-reunion-de-la-aapt-mx\/\"><\/div><div class=\"wpr-cv-container\"><div class=\"wpr-cv-outer\"><div class=\"wpr-cv-inner\"><div class=\"wpr-grid-media-hover-middle elementor-clearfix\"><div class=\"wpr-grid-item-category elementor-repeater-item-20a871c wpr-grid-item-display-block wpr-grid-item-align-center wpr-pointer-none wpr-pointer-line-fx wpr-pointer-fx-fade wpr-grid-tax-style-1\"><div class=\"inner-block\"><a class=\" wpr-tax-id-1\" href=\"https:\/\/profesionalizacionstem.com\/index.php\/category\/sin-categoria\/\">Sin categor\u00eda<\/a><\/div><\/div><h2 class=\"wpr-grid-item-title elementor-repeater-item-40ad6a2 wpr-grid-item-display-block wpr-grid-item-align-center wpr-pointer-none wpr-pointer-line-fx wpr-pointer-fx-fade\"><div class=\"inner-block\"><a target=\"_self\"  href=\"https:\/\/profesionalizacionstem.com\/index.php\/2025\/11\/30\/medalla-al-merito-educativo-2025-otorgada-a-pilar-suarez-en-la-xviii-reunion-de-la-aapt-mx\/\">Medalla al M\u00e9rito Educativo 2025 otorgada a Pilar Suarez en la XVIII Reuni\u00f3n de la AAPT-Mx.<\/a><\/div><\/h2><div class=\"wpr-grid-item-excerpt elementor-repeater-item-c676aa8 wpr-grid-item-display-block wpr-grid-item-align-center\"><div class=\"inner-block\"><p>Por haber obtenido la Medalla al M\u00e9rito Educativo 2025 que otorga la AAPT-Mx, como reconocimiento a su trayectoria y legado cient\u00edfico sobresaliente, contribuyendo con su talento al...<\/p><\/div><\/div><div class=\"wpr-grid-item-read-more elementor-repeater-item-dc1ba9e wpr-grid-item-display-block wpr-grid-item-align-center\"><div class=\"inner-block\"><a target=\"_self\" href=\"https:\/\/profesionalizacionstem.com\/index.php\/2025\/11\/30\/medalla-al-merito-educativo-2025-otorgada-a-pilar-suarez-en-la-xviii-reunion-de-la-aapt-mx\/\" class=\"wpr-button-effect wpr-button-none\"><span>Read More<\/span><\/a><\/div><\/div><\/div><\/div><\/div><\/div><\/div><\/div><\/div><\/article><\/section><div class=\"wpr-grid-slider-arrow-container\"><div class=\"wpr-grid-slider-prev-arrow wpr-grid-slider-arrow\" id=\"wpr-grid-slider-prev-d908e16\"><svg version=\"1.1\" xmlns=\"http:\/\/www.w3.org\/2000\/svg\" xmlns:xlink=\"http:\/\/www.w3.org\/1999\/xlink\" x=\"0px\" y=\"0px\" viewBox=\"0 0 283.4 512\" style=\"enable-background:new 0 0 283.4 512;\" xml:space=\"preserve\"><g><polygon class=\"st0\" points=\"54.5,256.3 283.4,485.1 256.1,512.5 0,256.3 0,256.3 27.2,229 256.1,0 283.4,27.4 \"\/><\/g><\/svg><\/div><div class=\"wpr-grid-slider-next-arrow wpr-grid-slider-arrow\" id=\"wpr-grid-slider-next-d908e16\"><svg version=\"1.1\" xmlns=\"http:\/\/www.w3.org\/2000\/svg\" xmlns:xlink=\"http:\/\/www.w3.org\/1999\/xlink\" x=\"0px\" y=\"0px\" viewBox=\"0 0 283.4 512\" style=\"enable-background:new 0 0 283.4 512;\" xml:space=\"preserve\"><g><polygon class=\"st0\" points=\"54.5,256.3 283.4,485.1 256.1,512.5 0,256.3 0,256.3 27.2,229 256.1,0 283.4,27.4 \"\/><\/g><\/svg><\/div><\/div><div class=\"wpr-grid-slider-dots\"><\/div>\t\t\t\t<\/div>\n\t\t\t\t\t<\/div>\n\t\t<\/div>\n\t\t\t\t\t<\/div>\n\t\t<\/section>\n\t\t\t\t<section class=\"elementor-section elementor-top-section elementor-element elementor-element-8adbb92 elementor-section-boxed elementor-section-height-default elementor-section-height-default wpr-particle-no wpr-jarallax-no wpr-parallax-no wpr-sticky-section-no\" data-id=\"8adbb92\" data-element_type=\"section\">\n\t\t\t\t\t\t<div class=\"elementor-container elementor-column-gap-wide\">\n\t\t\t\t\t<div class=\"elementor-column elementor-col-100 elementor-top-column elementor-element elementor-element-23cbacd\" data-id=\"23cbacd\" data-element_type=\"column\">\n\t\t\t<div class=\"elementor-widget-wrap elementor-element-populated\">\n\t\t\t\t\t\t<div class=\"elementor-element elementor-element-8f18059 wpr-grid-columns-3 wpr-grid-columns--laptop3 wpr-grid-columns--tablet2 wpr-grid-columns--mobile1 wpr-grid-pagination-center wpr-item-styles-inner elementor-widget elementor-widget-wpr-grid\" data-id=\"8f18059\" data-element_type=\"widget\" data-widget_type=\"wpr-grid.default\">\n\t\t\t\t\t<ul class=\"wpr-grid-filters elementor-clearfix wpr-grid-filters-sep-right\"><li class=\" wpr-pointer-none wpr-pointer-line-fx wpr-pointer-fx-none\"><span  data-filter=\"*\" class=\"wpr-grid-filters-item wpr-active-filter \">All Post<\/span><em class=\"wpr-grid-filters-sep\"><\/em><\/li><li class=\" wpr-pointer-none wpr-pointer-line-fx wpr-pointer-fx-none\"><span   data-ajax-filter=[\"category\",\"avisos\"]  data-filter=\".category-avisos\">Avisos<\/span><em class=\"wpr-grid-filters-sep\"><\/em><\/li><li class=\" wpr-pointer-none wpr-pointer-line-fx wpr-pointer-fx-none\"><span   data-ajax-filter=[\"category\",\"beauty\"]  data-filter=\".category-beauty\">Beauty<\/span><em class=\"wpr-grid-filters-sep\"><\/em><\/li><li class=\" wpr-pointer-none wpr-pointer-line-fx wpr-pointer-fx-none\"><span   data-ajax-filter=[\"category\",\"constancias\"]  data-filter=\".category-constancias\">Constancias<\/span><em class=\"wpr-grid-filters-sep\"><\/em><\/li><li class=\" wpr-pointer-none wpr-pointer-line-fx wpr-pointer-fx-none\"><span   data-ajax-filter=[\"category\",\"convocatorias\"]  data-filter=\".category-convocatorias\">Convocatorias<\/span><em class=\"wpr-grid-filters-sep\"><\/em><\/li><li class=\" wpr-pointer-none wpr-pointer-line-fx wpr-pointer-fx-none\"><span   data-ajax-filter=[\"category\",\"eventos\"]  data-filter=\".category-eventos\">Eventos<\/span><em class=\"wpr-grid-filters-sep\"><\/em><\/li><li class=\" wpr-pointer-none wpr-pointer-line-fx wpr-pointer-fx-none\"><span   data-ajax-filter=[\"category\",\"lifestyle\"]  data-filter=\".category-lifestyle\">Lifestyle<\/span><em class=\"wpr-grid-filters-sep\"><\/em><\/li><li class=\" wpr-pointer-none wpr-pointer-line-fx wpr-pointer-fx-none\"><span   data-ajax-filter=[\"category\",\"noticias\"]  data-filter=\".category-noticias\">Noticias<\/span><em class=\"wpr-grid-filters-sep\"><\/em><\/li><li class=\" wpr-pointer-none wpr-pointer-line-fx wpr-pointer-fx-none\"><span   data-ajax-filter=[\"category\",\"photography\"]  data-filter=\".category-photography\">Photography<\/span><em class=\"wpr-grid-filters-sep\"><\/em><\/li><li class=\" wpr-pointer-none wpr-pointer-line-fx wpr-pointer-fx-none\"><span   data-ajax-filter=[\"category\",\"publicaciones\"]  data-filter=\".category-publicaciones\">Publicaciones<\/span><em class=\"wpr-grid-filters-sep\"><\/em><\/li><li class=\" wpr-pointer-none wpr-pointer-line-fx wpr-pointer-fx-none\"><span   data-ajax-filter=[\"category\",\"revistas\"]  data-filter=\".category-revistas\">Revistas<\/span><em class=\"wpr-grid-filters-sep\"><\/em><\/li><li class=\" wpr-pointer-none wpr-pointer-line-fx wpr-pointer-fx-none\"><span   data-ajax-filter=[\"category\",\"sin-categoria\"]  data-filter=\".category-sin-categoria\">Sin categor\u00eda<\/span><em class=\"wpr-grid-filters-sep\"><\/em><\/li><li class=\" wpr-pointer-none wpr-pointer-line-fx wpr-pointer-fx-none\"><span   data-ajax-filter=[\"category\",\"travel\"]  data-filter=\".category-travel\">Travel<\/span><em class=\"wpr-grid-filters-sep\"><\/em><\/li><li class=\" wpr-pointer-none wpr-pointer-line-fx wpr-pointer-fx-none\"><span   data-ajax-filter=[\"category\",\"video-2\"]  data-filter=\".category-video-2\">Video<\/span><em class=\"wpr-grid-filters-sep\"><\/em><\/li><li class=\" wpr-pointer-none wpr-pointer-line-fx wpr-pointer-fx-none\"><span   data-ajax-filter=[\"category\",\"video\"]  data-filter=\".category-video\">V\u00eddeo<\/span><em class=\"wpr-grid-filters-sep\"><\/em><\/li><\/ul><section class=\"wpr-grid elementor-clearfix\" data-settings=\"{&quot;layout&quot;:&quot;fitRows&quot;,&quot;stick_last_element_to_bottom&quot;:&quot;&quot;,&quot;columns_desktop&quot;:&quot;3&quot;,&quot;gutter_hr&quot;:30,&quot;gutter_hr_mobile&quot;:30,&quot;gutter_hr_mobile_extra&quot;:30,&quot;gutter_hr_tablet&quot;:30,&quot;gutter_hr_tablet_extra&quot;:30,&quot;gutter_hr_laptop&quot;:30,&quot;gutter_hr_widescreen&quot;:30,&quot;gutter_vr&quot;:40,&quot;gutter_vr_mobile&quot;:40,&quot;gutter_vr_mobile_extra&quot;:40,&quot;gutter_vr_tablet&quot;:40,&quot;gutter_vr_tablet_extra&quot;:40,&quot;gutter_vr_laptop&quot;:40,&quot;gutter_vr_widescreen&quot;:40,&quot;animation&quot;:&quot;default&quot;,&quot;animation_duration&quot;:0.3,&quot;animation_delay&quot;:0.1,&quot;deeplinking&quot;:&quot;&quot;,&quot;filters_linkable&quot;:&quot;no&quot;,&quot;filters_default_filter&quot;:&quot;&quot;,&quot;filters_count&quot;:&quot;&quot;,&quot;filters_hide_empty&quot;:&quot;no&quot;,&quot;filters_animation&quot;:&quot;default&quot;,&quot;filters_animation_duration&quot;:0.3,&quot;filters_animation_delay&quot;:0.1,&quot;pagination_type&quot;:&quot;load-more&quot;,&quot;pagination_max_pages&quot;:17,&quot;lightbox&quot;:{&quot;selector&quot;:&quot;.wpr-grid-image-wrap&quot;,&quot;iframeMaxWidth&quot;:&quot;60%&quot;,&quot;hash&quot;:false,&quot;autoplay&quot;:&quot;true&quot;,&quot;pause&quot;:5000,&quot;progressBar&quot;:&quot;true&quot;,&quot;counter&quot;:&quot;true&quot;,&quot;controls&quot;:&quot;true&quot;,&quot;getCaptionFromTitleOrAlt&quot;:&quot;true&quot;,&quot;thumbnail&quot;:&quot;&quot;,&quot;showThumbByDefault&quot;:&quot;&quot;,&quot;share&quot;:&quot;&quot;,&quot;zoom&quot;:&quot;true&quot;,&quot;fullScreen&quot;:&quot;true&quot;,&quot;download&quot;:&quot;true&quot;}}\"><article class=\"wpr-grid-item elementor-clearfix post-1190 post type-post status-publish format-standard has-post-thumbnail hentry category-sin-categoria\"><div class=\"wpr-grid-item-inner\"><div class=\"wpr-grid-media-wrap wpr-effect-size-medium \" data-overlay-link=\"yes\"><div class=\"wpr-grid-image-wrap\" data-src=\"https:\/\/profesionalizacionstem.com\/wp-content\/uploads\/elementor\/thumbs\/Saberes-del-Cafe-y-Futuro-del-Territorio-rmn3ssmkf7v5hktbz9mgb1grd3jl3zarbs1phkf7go.png\" data-img-on-hover=\"\"  data-src-secondary=\"\"><img decoding=\"async\" data-no-lazy=\"1\" src=\"https:\/\/profesionalizacionstem.com\/wp-content\/uploads\/elementor\/thumbs\/Saberes-del-Cafe-y-Futuro-del-Territorio-rmn3ssmkf7v5hktbz9mgb1grd3jl3zarbs1phkf7go.png\" alt=\"Saberes del Caf\u00e9 y Futuro del Territorio\" class=\"wpr-anim-timing-ease-default\"><\/div><div class=\"wpr-grid-media-hover wpr-animation-wrap\"><div class=\"wpr-grid-media-hover-bg  wpr-overlay-fade-in wpr-anim-size-large wpr-anim-timing-ease-default wpr-anim-transparency\" data-url=\"https:\/\/profesionalizacionstem.com\/index.php\/2026\/04\/27\/saberes-del-cafe-y-futuro-del-territorio\/\"><\/div><\/div><\/div><div class=\"wpr-grid-item-below-content elementor-clearfix\"><div class=\"wpr-grid-item-category elementor-repeater-item-d4b7405 wpr-grid-item-display-block wpr-grid-item-align-left wpr-pointer-none wpr-pointer-line-fx wpr-pointer-fx-fade wpr-grid-tax-style-1\"><div class=\"inner-block\"><a class=\" wpr-tax-id-1\" href=\"https:\/\/profesionalizacionstem.com\/index.php\/category\/sin-categoria\/\">Sin categor\u00eda<\/a><\/div><\/div><h2 class=\"wpr-grid-item-title elementor-repeater-item-b7bcefd wpr-grid-item-display-block wpr-grid-item-align-left wpr-pointer-none wpr-pointer-line-fx wpr-pointer-fx-fade\"><div class=\"inner-block\"><a target=\"_self\"  href=\"https:\/\/profesionalizacionstem.com\/index.php\/2026\/04\/27\/saberes-del-cafe-y-futuro-del-territorio\/\">Saberes del Caf\u00e9 y Futuro del Territorio<\/a><\/div><\/h2><div class=\"wpr-grid-item-author elementor-repeater-item-c506471 wpr-grid-item-display-inline wpr-grid-item-align-left\"><div class=\"inner-block\"><a href=\"https:\/\/profesionalizacionstem.com\/index.php\/author\/pilarsuarezrdz\/\"><span class=\"wpr-grid-extra-icon-left\"><svg aria-hidden=\"true\" class=\"e-font-icon-svg e-far-user-circle\" viewBox=\"0 0 496 512\" xmlns=\"http:\/\/www.w3.org\/2000\/svg\"><path d=\"M248 104c-53 0-96 43-96 96s43 96 96 96 96-43 96-96-43-96-96-96zm0 144c-26.5 0-48-21.5-48-48s21.5-48 48-48 48 21.5 48 48-21.5 48-48 48zm0-240C111 8 0 119 0 256s111 248 248 248 248-111 248-248S385 8 248 8zm0 448c-49.7 0-95.1-18.3-130.1-48.4 14.9-23 40.4-38.6 69.6-39.5 20.8 6.4 40.6 9.6 60.5 9.6s39.7-3.1 60.5-9.6c29.2 1 54.7 16.5 69.6 39.5-35 30.1-80.4 48.4-130.1 48.4zm162.7-84.1c-24.4-31.4-62.1-51.9-105.1-51.9-10.2 0-26 9.6-57.6 9.6-31.5 0-47.4-9.6-57.6-9.6-42.9 0-80.6 20.5-105.1 51.9C61.9 339.2 48 299.2 48 256c0-110.3 89.7-200 200-200s200 89.7 200 200c0 43.2-13.9 83.2-37.3 115.9z\"><\/path><\/svg><\/span><span>pilarsuarezrdz<\/span><\/a><span class=\"wpr-grid-extra-text-right\">-<\/span><\/div><\/div><div class=\"wpr-grid-item-date elementor-repeater-item-12100f8 wpr-grid-item-display-inline wpr-grid-item-align-left\"><div class=\"inner-block\"><span><span class=\"wpr-grid-extra-icon-left\"><svg aria-hidden=\"true\" class=\"e-font-icon-svg e-far-clock\" viewBox=\"0 0 512 512\" xmlns=\"http:\/\/www.w3.org\/2000\/svg\"><path d=\"M256 8C119 8 8 119 8 256s111 248 248 248 248-111 248-248S393 8 256 8zm0 448c-110.5 0-200-89.5-200-200S145.5 56 256 56s200 89.5 200 200-89.5 200-200 200zm61.8-104.4l-84.9-61.7c-3.1-2.3-4.9-5.9-4.9-9.7V116c0-6.6 5.4-12 12-12h32c6.6 0 12 5.4 12 12v141.7l66.8 48.6c5.4 3.9 6.5 11.4 2.6 16.8L334.6 349c-3.9 5.3-11.4 6.5-16.8 2.6z\"><\/path><\/svg><\/span>27 de abril de 2026<\/span><\/div><\/div><div class=\"wpr-grid-item-excerpt elementor-repeater-item-2885fde wpr-grid-item-display-block wpr-grid-item-align-left\"><div class=\"inner-block\"><p>Curso-taller para el fortalecimiento productivo, organizativo y sostenible en la Huasteca Sur 29 y...<\/p><\/div><\/div><div class=\"wpr-grid-item-read-more elementor-repeater-item-eba0341 wpr-grid-item-display-block wpr-grid-item-align-left\"><div class=\"inner-block\"><a target=\"_self\" href=\"https:\/\/profesionalizacionstem.com\/index.php\/2026\/04\/27\/saberes-del-cafe-y-futuro-del-territorio\/\" class=\"wpr-button-effect wpr-button-none\"><span>Read More<\/span><\/a><\/div><\/div><\/div><\/div><\/article><article class=\"wpr-grid-item elementor-clearfix post-1186 post type-post status-publish format-standard has-post-thumbnail hentry category-sin-categoria\"><div class=\"wpr-grid-item-inner\"><div class=\"wpr-grid-media-wrap wpr-effect-size-medium \" data-overlay-link=\"yes\"><div class=\"wpr-grid-image-wrap\" data-src=\"https:\/\/profesionalizacionstem.com\/wp-content\/uploads\/elementor\/thumbs\/WhatsApp-Image-2026-04-24-at-2.06.35-PM-rmi0qtwxpyp8nx3sqpvv9zttawn011limhg0g3fers.jpeg\" data-img-on-hover=\"\"  data-src-secondary=\"\"><img decoding=\"async\" data-no-lazy=\"1\" src=\"https:\/\/profesionalizacionstem.com\/wp-content\/uploads\/elementor\/thumbs\/WhatsApp-Image-2026-04-24-at-2.06.35-PM-rmi0qtwxpyp8nx3sqpvv9zttawn011limhg0g3fers.jpeg\" alt=\"CUENTA CUENTOS EN LENGUA DE SE\u00d1AS MEXICANA\" class=\"wpr-anim-timing-ease-default\"><\/div><div class=\"wpr-grid-media-hover wpr-animation-wrap\"><div class=\"wpr-grid-media-hover-bg  wpr-overlay-fade-in wpr-anim-size-large wpr-anim-timing-ease-default wpr-anim-transparency\" data-url=\"https:\/\/profesionalizacionstem.com\/index.php\/2026\/04\/24\/cuenta-cuentos-en-lengua-de-senas-mexicana\/\"><\/div><\/div><\/div><div class=\"wpr-grid-item-below-content elementor-clearfix\"><div class=\"wpr-grid-item-category elementor-repeater-item-d4b7405 wpr-grid-item-display-block wpr-grid-item-align-left wpr-pointer-none wpr-pointer-line-fx wpr-pointer-fx-fade wpr-grid-tax-style-1\"><div class=\"inner-block\"><a class=\" wpr-tax-id-1\" href=\"https:\/\/profesionalizacionstem.com\/index.php\/category\/sin-categoria\/\">Sin categor\u00eda<\/a><\/div><\/div><h2 class=\"wpr-grid-item-title elementor-repeater-item-b7bcefd wpr-grid-item-display-block wpr-grid-item-align-left wpr-pointer-none wpr-pointer-line-fx wpr-pointer-fx-fade\"><div class=\"inner-block\"><a target=\"_self\"  href=\"https:\/\/profesionalizacionstem.com\/index.php\/2026\/04\/24\/cuenta-cuentos-en-lengua-de-senas-mexicana\/\">CUENTA CUENTOS EN LENGUA DE SE\u00d1AS MEXICANA<\/a><\/div><\/h2><div class=\"wpr-grid-item-author elementor-repeater-item-c506471 wpr-grid-item-display-inline wpr-grid-item-align-left\"><div class=\"inner-block\"><a href=\"https:\/\/profesionalizacionstem.com\/index.php\/author\/pilarsuarezrdz\/\"><span class=\"wpr-grid-extra-icon-left\"><svg aria-hidden=\"true\" class=\"e-font-icon-svg e-far-user-circle\" viewBox=\"0 0 496 512\" xmlns=\"http:\/\/www.w3.org\/2000\/svg\"><path d=\"M248 104c-53 0-96 43-96 96s43 96 96 96 96-43 96-96-43-96-96-96zm0 144c-26.5 0-48-21.5-48-48s21.5-48 48-48 48 21.5 48 48-21.5 48-48 48zm0-240C111 8 0 119 0 256s111 248 248 248 248-111 248-248S385 8 248 8zm0 448c-49.7 0-95.1-18.3-130.1-48.4 14.9-23 40.4-38.6 69.6-39.5 20.8 6.4 40.6 9.6 60.5 9.6s39.7-3.1 60.5-9.6c29.2 1 54.7 16.5 69.6 39.5-35 30.1-80.4 48.4-130.1 48.4zm162.7-84.1c-24.4-31.4-62.1-51.9-105.1-51.9-10.2 0-26 9.6-57.6 9.6-31.5 0-47.4-9.6-57.6-9.6-42.9 0-80.6 20.5-105.1 51.9C61.9 339.2 48 299.2 48 256c0-110.3 89.7-200 200-200s200 89.7 200 200c0 43.2-13.9 83.2-37.3 115.9z\"><\/path><\/svg><\/span><span>pilarsuarezrdz<\/span><\/a><span class=\"wpr-grid-extra-text-right\">-<\/span><\/div><\/div><div class=\"wpr-grid-item-date elementor-repeater-item-12100f8 wpr-grid-item-display-inline wpr-grid-item-align-left\"><div class=\"inner-block\"><span><span class=\"wpr-grid-extra-icon-left\"><svg aria-hidden=\"true\" class=\"e-font-icon-svg e-far-clock\" viewBox=\"0 0 512 512\" xmlns=\"http:\/\/www.w3.org\/2000\/svg\"><path d=\"M256 8C119 8 8 119 8 256s111 248 248 248 248-111 248-248S393 8 256 8zm0 448c-110.5 0-200-89.5-200-200S145.5 56 256 56s200 89.5 200 200-89.5 200-200 200zm61.8-104.4l-84.9-61.7c-3.1-2.3-4.9-5.9-4.9-9.7V116c0-6.6 5.4-12 12-12h32c6.6 0 12 5.4 12 12v141.7l66.8 48.6c5.4 3.9 6.5 11.4 2.6 16.8L334.6 349c-3.9 5.3-11.4 6.5-16.8 2.6z\"><\/path><\/svg><\/span>24 de abril de 2026<\/span><\/div><\/div><div class=\"wpr-grid-item-excerpt elementor-repeater-item-2885fde wpr-grid-item-display-block wpr-grid-item-align-left\"><div class=\"inner-block\"><p>\u00abHISTORIAS QUE SE SIENTEN\u00bb La lectura abre mundos y la comunicaci\u00f3n inclusiva Ponente: Lic....<\/p><\/div><\/div><div class=\"wpr-grid-item-read-more elementor-repeater-item-eba0341 wpr-grid-item-display-block wpr-grid-item-align-left\"><div class=\"inner-block\"><a target=\"_self\" href=\"https:\/\/profesionalizacionstem.com\/index.php\/2026\/04\/24\/cuenta-cuentos-en-lengua-de-senas-mexicana\/\" class=\"wpr-button-effect wpr-button-none\"><span>Read More<\/span><\/a><\/div><\/div><\/div><\/div><\/article><article class=\"wpr-grid-item elementor-clearfix post-1183 post type-post status-publish format-standard has-post-thumbnail hentry category-sin-categoria\"><div class=\"wpr-grid-item-inner\"><div class=\"wpr-grid-media-wrap wpr-effect-size-medium \" data-overlay-link=\"yes\"><div class=\"wpr-grid-image-wrap\" data-src=\"https:\/\/profesionalizacionstem.com\/wp-content\/uploads\/elementor\/thumbs\/Constancias-rmfwqu6upfc0otac0kke2wvpzzzw1kwbgkvdaa403s.png\" data-img-on-hover=\"\"  data-src-secondary=\"\"><img decoding=\"async\" data-no-lazy=\"1\" src=\"https:\/\/profesionalizacionstem.com\/wp-content\/uploads\/elementor\/thumbs\/Constancias-rmfwqu6upfc0otac0kke2wvpzzzw1kwbgkvdaa403s.png\" alt=\"Agradecimiento a los asistentes del 6\u00ba STEM de Tamazunchale\" class=\"wpr-anim-timing-ease-default\"><\/div><div class=\"wpr-grid-media-hover wpr-animation-wrap\"><div class=\"wpr-grid-media-hover-bg  wpr-overlay-fade-in wpr-anim-size-large wpr-anim-timing-ease-default wpr-anim-transparency\" data-url=\"https:\/\/profesionalizacionstem.com\/index.php\/2026\/04\/24\/agradecimiento-a-los-asistentes-del-6o-stem-de-tamazunchale\/\"><\/div><\/div><\/div><div class=\"wpr-grid-item-below-content elementor-clearfix\"><div class=\"wpr-grid-item-category elementor-repeater-item-d4b7405 wpr-grid-item-display-block wpr-grid-item-align-left wpr-pointer-none wpr-pointer-line-fx wpr-pointer-fx-fade wpr-grid-tax-style-1\"><div class=\"inner-block\"><a class=\" wpr-tax-id-1\" href=\"https:\/\/profesionalizacionstem.com\/index.php\/category\/sin-categoria\/\">Sin categor\u00eda<\/a><\/div><\/div><h2 class=\"wpr-grid-item-title elementor-repeater-item-b7bcefd wpr-grid-item-display-block wpr-grid-item-align-left wpr-pointer-none wpr-pointer-line-fx wpr-pointer-fx-fade\"><div class=\"inner-block\"><a target=\"_self\"  href=\"https:\/\/profesionalizacionstem.com\/index.php\/2026\/04\/24\/agradecimiento-a-los-asistentes-del-6o-stem-de-tamazunchale\/\">Agradecimiento a los asistentes del 6\u00ba STEM de Tamazunchale<\/a><\/div><\/h2><div class=\"wpr-grid-item-author elementor-repeater-item-c506471 wpr-grid-item-display-inline wpr-grid-item-align-left\"><div class=\"inner-block\"><a href=\"https:\/\/profesionalizacionstem.com\/index.php\/author\/pilarsuarezrdz\/\"><span class=\"wpr-grid-extra-icon-left\"><svg aria-hidden=\"true\" class=\"e-font-icon-svg e-far-user-circle\" viewBox=\"0 0 496 512\" xmlns=\"http:\/\/www.w3.org\/2000\/svg\"><path d=\"M248 104c-53 0-96 43-96 96s43 96 96 96 96-43 96-96-43-96-96-96zm0 144c-26.5 0-48-21.5-48-48s21.5-48 48-48 48 21.5 48 48-21.5 48-48 48zm0-240C111 8 0 119 0 256s111 248 248 248 248-111 248-248S385 8 248 8zm0 448c-49.7 0-95.1-18.3-130.1-48.4 14.9-23 40.4-38.6 69.6-39.5 20.8 6.4 40.6 9.6 60.5 9.6s39.7-3.1 60.5-9.6c29.2 1 54.7 16.5 69.6 39.5-35 30.1-80.4 48.4-130.1 48.4zm162.7-84.1c-24.4-31.4-62.1-51.9-105.1-51.9-10.2 0-26 9.6-57.6 9.6-31.5 0-47.4-9.6-57.6-9.6-42.9 0-80.6 20.5-105.1 51.9C61.9 339.2 48 299.2 48 256c0-110.3 89.7-200 200-200s200 89.7 200 200c0 43.2-13.9 83.2-37.3 115.9z\"><\/path><\/svg><\/span><span>pilarsuarezrdz<\/span><\/a><span class=\"wpr-grid-extra-text-right\">-<\/span><\/div><\/div><div class=\"wpr-grid-item-date elementor-repeater-item-12100f8 wpr-grid-item-display-inline wpr-grid-item-align-left\"><div class=\"inner-block\"><span><span class=\"wpr-grid-extra-icon-left\"><svg aria-hidden=\"true\" class=\"e-font-icon-svg e-far-clock\" viewBox=\"0 0 512 512\" xmlns=\"http:\/\/www.w3.org\/2000\/svg\"><path d=\"M256 8C119 8 8 119 8 256s111 248 248 248 248-111 248-248S393 8 256 8zm0 448c-110.5 0-200-89.5-200-200S145.5 56 256 56s200 89.5 200 200-89.5 200-200 200zm61.8-104.4l-84.9-61.7c-3.1-2.3-4.9-5.9-4.9-9.7V116c0-6.6 5.4-12 12-12h32c6.6 0 12 5.4 12 12v141.7l66.8 48.6c5.4 3.9 6.5 11.4 2.6 16.8L334.6 349c-3.9 5.3-11.4 6.5-16.8 2.6z\"><\/path><\/svg><\/span>24 de abril de 2026<\/span><\/div><\/div><div class=\"wpr-grid-item-excerpt elementor-repeater-item-2885fde wpr-grid-item-display-block wpr-grid-item-align-left\"><div class=\"inner-block\"><p>Queremos expresar nuestro m\u00e1s sincero agradecimiento a todas y todos los participantes que formaron...<\/p><\/div><\/div><div class=\"wpr-grid-item-read-more elementor-repeater-item-eba0341 wpr-grid-item-display-block wpr-grid-item-align-left\"><div class=\"inner-block\"><a target=\"_self\" href=\"https:\/\/profesionalizacionstem.com\/index.php\/2026\/04\/24\/agradecimiento-a-los-asistentes-del-6o-stem-de-tamazunchale\/\" class=\"wpr-button-effect wpr-button-none\"><span>Read More<\/span><\/a><\/div><\/div><\/div><\/div><\/article><article class=\"wpr-grid-item elementor-clearfix post-1167 post type-post status-publish format-standard has-post-thumbnail hentry category-sin-categoria\"><div class=\"wpr-grid-item-inner\"><div class=\"wpr-grid-media-wrap wpr-effect-size-medium \" data-overlay-link=\"yes\"><div class=\"wpr-grid-image-wrap\" data-src=\"https:\/\/profesionalizacionstem.com\/wp-content\/uploads\/elementor\/thumbs\/588615627_1572123841054178_5812666029688437518_n-rfht9u61hin5f8xnd98hi87ubkva2q422ry12jhaq0.jpg\" data-img-on-hover=\"\"  data-src-secondary=\"\"><img decoding=\"async\" data-no-lazy=\"1\" src=\"https:\/\/profesionalizacionstem.com\/wp-content\/uploads\/elementor\/thumbs\/588615627_1572123841054178_5812666029688437518_n-rfht9u61hin5f8xnd98hi87ubkva2q422ry12jhaq0.jpg\" alt=\"Medalla al M\u00e9rito Educativo 2025 otorgada a Pilar Suarez en la XVIII Reuni\u00f3n de la AAPT-Mx.\" class=\"wpr-anim-timing-ease-default\"><\/div><div class=\"wpr-grid-media-hover wpr-animation-wrap\"><div class=\"wpr-grid-media-hover-bg  wpr-overlay-fade-in wpr-anim-size-large wpr-anim-timing-ease-default wpr-anim-transparency\" data-url=\"https:\/\/profesionalizacionstem.com\/index.php\/2025\/11\/30\/medalla-al-merito-educativo-2025-otorgada-a-pilar-suarez-en-la-xviii-reunion-de-la-aapt-mx\/\"><\/div><\/div><\/div><div class=\"wpr-grid-item-below-content elementor-clearfix\"><div class=\"wpr-grid-item-category elementor-repeater-item-d4b7405 wpr-grid-item-display-block wpr-grid-item-align-left wpr-pointer-none wpr-pointer-line-fx wpr-pointer-fx-fade wpr-grid-tax-style-1\"><div class=\"inner-block\"><a class=\" wpr-tax-id-1\" href=\"https:\/\/profesionalizacionstem.com\/index.php\/category\/sin-categoria\/\">Sin categor\u00eda<\/a><\/div><\/div><h2 class=\"wpr-grid-item-title elementor-repeater-item-b7bcefd wpr-grid-item-display-block wpr-grid-item-align-left wpr-pointer-none wpr-pointer-line-fx wpr-pointer-fx-fade\"><div class=\"inner-block\"><a target=\"_self\"  href=\"https:\/\/profesionalizacionstem.com\/index.php\/2025\/11\/30\/medalla-al-merito-educativo-2025-otorgada-a-pilar-suarez-en-la-xviii-reunion-de-la-aapt-mx\/\">Medalla al M\u00e9rito Educativo 2025 otorgada a Pilar Suarez en la XVIII Reuni\u00f3n de la AAPT-Mx.<\/a><\/div><\/h2><div class=\"wpr-grid-item-author elementor-repeater-item-c506471 wpr-grid-item-display-inline wpr-grid-item-align-left\"><div class=\"inner-block\"><a href=\"https:\/\/profesionalizacionstem.com\/index.php\/author\/pilarsuarezrdz\/\"><span class=\"wpr-grid-extra-icon-left\"><svg aria-hidden=\"true\" class=\"e-font-icon-svg e-far-user-circle\" viewBox=\"0 0 496 512\" xmlns=\"http:\/\/www.w3.org\/2000\/svg\"><path d=\"M248 104c-53 0-96 43-96 96s43 96 96 96 96-43 96-96-43-96-96-96zm0 144c-26.5 0-48-21.5-48-48s21.5-48 48-48 48 21.5 48 48-21.5 48-48 48zm0-240C111 8 0 119 0 256s111 248 248 248 248-111 248-248S385 8 248 8zm0 448c-49.7 0-95.1-18.3-130.1-48.4 14.9-23 40.4-38.6 69.6-39.5 20.8 6.4 40.6 9.6 60.5 9.6s39.7-3.1 60.5-9.6c29.2 1 54.7 16.5 69.6 39.5-35 30.1-80.4 48.4-130.1 48.4zm162.7-84.1c-24.4-31.4-62.1-51.9-105.1-51.9-10.2 0-26 9.6-57.6 9.6-31.5 0-47.4-9.6-57.6-9.6-42.9 0-80.6 20.5-105.1 51.9C61.9 339.2 48 299.2 48 256c0-110.3 89.7-200 200-200s200 89.7 200 200c0 43.2-13.9 83.2-37.3 115.9z\"><\/path><\/svg><\/span><span>pilarsuarezrdz<\/span><\/a><span class=\"wpr-grid-extra-text-right\">-<\/span><\/div><\/div><div class=\"wpr-grid-item-date elementor-repeater-item-12100f8 wpr-grid-item-display-inline wpr-grid-item-align-left\"><div class=\"inner-block\"><span><span class=\"wpr-grid-extra-icon-left\"><svg aria-hidden=\"true\" class=\"e-font-icon-svg e-far-clock\" viewBox=\"0 0 512 512\" xmlns=\"http:\/\/www.w3.org\/2000\/svg\"><path d=\"M256 8C119 8 8 119 8 256s111 248 248 248 248-111 248-248S393 8 256 8zm0 448c-110.5 0-200-89.5-200-200S145.5 56 256 56s200 89.5 200 200-89.5 200-200 200zm61.8-104.4l-84.9-61.7c-3.1-2.3-4.9-5.9-4.9-9.7V116c0-6.6 5.4-12 12-12h32c6.6 0 12 5.4 12 12v141.7l66.8 48.6c5.4 3.9 6.5 11.4 2.6 16.8L334.6 349c-3.9 5.3-11.4 6.5-16.8 2.6z\"><\/path><\/svg><\/span>30 de noviembre de 2025<\/span><\/div><\/div><div class=\"wpr-grid-item-excerpt elementor-repeater-item-2885fde wpr-grid-item-display-block wpr-grid-item-align-left\"><div class=\"inner-block\"><p>Por haber obtenido la Medalla al M\u00e9rito Educativo 2025 que otorga la AAPT-Mx, como...<\/p><\/div><\/div><div class=\"wpr-grid-item-read-more elementor-repeater-item-eba0341 wpr-grid-item-display-block wpr-grid-item-align-left\"><div class=\"inner-block\"><a target=\"_self\" href=\"https:\/\/profesionalizacionstem.com\/index.php\/2025\/11\/30\/medalla-al-merito-educativo-2025-otorgada-a-pilar-suarez-en-la-xviii-reunion-de-la-aapt-mx\/\" class=\"wpr-button-effect wpr-button-none\"><span>Read More<\/span><\/a><\/div><\/div><\/div><\/div><\/article><article class=\"wpr-grid-item elementor-clearfix post-1140 post type-post status-publish format-standard hentry category-sin-categoria\"><div class=\"wpr-grid-item-inner\"><div class=\"wpr-grid-item-below-content elementor-clearfix\"><div class=\"wpr-grid-item-category elementor-repeater-item-d4b7405 wpr-grid-item-display-block wpr-grid-item-align-left wpr-pointer-none wpr-pointer-line-fx wpr-pointer-fx-fade wpr-grid-tax-style-1\"><div class=\"inner-block\"><a class=\" wpr-tax-id-1\" href=\"https:\/\/profesionalizacionstem.com\/index.php\/category\/sin-categoria\/\">Sin categor\u00eda<\/a><\/div><\/div><h2 class=\"wpr-grid-item-title elementor-repeater-item-b7bcefd wpr-grid-item-display-block wpr-grid-item-align-left wpr-pointer-none wpr-pointer-line-fx wpr-pointer-fx-fade\"><div class=\"inner-block\"><a target=\"_self\"  href=\"https:\/\/profesionalizacionstem.com\/index.php\/2025\/08\/21\/elementor-1140\/\">Programa Internacional de \u201cNi\u00f1as Y Mujeres Haciendo Ciencia\u201d<\/a><\/div><\/h2><div class=\"wpr-grid-item-author elementor-repeater-item-c506471 wpr-grid-item-display-inline wpr-grid-item-align-left\"><div class=\"inner-block\"><a href=\"https:\/\/profesionalizacionstem.com\/index.php\/author\/pilarsuarezrdz\/\"><span class=\"wpr-grid-extra-icon-left\"><svg aria-hidden=\"true\" class=\"e-font-icon-svg e-far-user-circle\" viewBox=\"0 0 496 512\" xmlns=\"http:\/\/www.w3.org\/2000\/svg\"><path d=\"M248 104c-53 0-96 43-96 96s43 96 96 96 96-43 96-96-43-96-96-96zm0 144c-26.5 0-48-21.5-48-48s21.5-48 48-48 48 21.5 48 48-21.5 48-48 48zm0-240C111 8 0 119 0 256s111 248 248 248 248-111 248-248S385 8 248 8zm0 448c-49.7 0-95.1-18.3-130.1-48.4 14.9-23 40.4-38.6 69.6-39.5 20.8 6.4 40.6 9.6 60.5 9.6s39.7-3.1 60.5-9.6c29.2 1 54.7 16.5 69.6 39.5-35 30.1-80.4 48.4-130.1 48.4zm162.7-84.1c-24.4-31.4-62.1-51.9-105.1-51.9-10.2 0-26 9.6-57.6 9.6-31.5 0-47.4-9.6-57.6-9.6-42.9 0-80.6 20.5-105.1 51.9C61.9 339.2 48 299.2 48 256c0-110.3 89.7-200 200-200s200 89.7 200 200c0 43.2-13.9 83.2-37.3 115.9z\"><\/path><\/svg><\/span><span>pilarsuarezrdz<\/span><\/a><span class=\"wpr-grid-extra-text-right\">-<\/span><\/div><\/div><div class=\"wpr-grid-item-date elementor-repeater-item-12100f8 wpr-grid-item-display-inline wpr-grid-item-align-left\"><div class=\"inner-block\"><span><span class=\"wpr-grid-extra-icon-left\"><svg aria-hidden=\"true\" class=\"e-font-icon-svg e-far-clock\" viewBox=\"0 0 512 512\" xmlns=\"http:\/\/www.w3.org\/2000\/svg\"><path d=\"M256 8C119 8 8 119 8 256s111 248 248 248 248-111 248-248S393 8 256 8zm0 448c-110.5 0-200-89.5-200-200S145.5 56 256 56s200 89.5 200 200-89.5 200-200 200zm61.8-104.4l-84.9-61.7c-3.1-2.3-4.9-5.9-4.9-9.7V116c0-6.6 5.4-12 12-12h32c6.6 0 12 5.4 12 12v141.7l66.8 48.6c5.4 3.9 6.5 11.4 2.6 16.8L334.6 349c-3.9 5.3-11.4 6.5-16.8 2.6z\"><\/path><\/svg><\/span>21 de agosto de 2025<\/span><\/div><\/div><div class=\"wpr-grid-item-excerpt elementor-repeater-item-2885fde wpr-grid-item-display-block wpr-grid-item-align-left\"><div class=\"inner-block\"><p>La Coordinaci\u00f3n Acad\u00e9mica Regi\u00f3n Huasteca Sur (CARHS) de la UASLP y la Facultad de...<\/p><\/div><\/div><div class=\"wpr-grid-item-read-more elementor-repeater-item-eba0341 wpr-grid-item-display-block wpr-grid-item-align-left\"><div class=\"inner-block\"><a target=\"_self\" href=\"https:\/\/profesionalizacionstem.com\/index.php\/2025\/08\/21\/elementor-1140\/\" class=\"wpr-button-effect wpr-button-none\"><span>Read More<\/span><\/a><\/div><\/div><\/div><\/div><\/article><article class=\"wpr-grid-item elementor-clearfix post-715 post type-post status-publish format-standard has-post-thumbnail hentry category-avisos category-convocatorias category-eventos\"><div class=\"wpr-grid-item-inner\"><div class=\"wpr-grid-media-wrap wpr-effect-size-medium \" data-overlay-link=\"yes\"><div class=\"wpr-grid-image-wrap\" data-src=\"https:\/\/profesionalizacionstem.com\/wp-content\/uploads\/elementor\/thumbs\/midecccc-r4uyl59qnq5op99gr5grbors0smjch1gs61enhluo8.png\" data-img-on-hover=\"\"  data-src-secondary=\"\"><img decoding=\"async\" data-no-lazy=\"1\" src=\"https:\/\/profesionalizacionstem.com\/wp-content\/uploads\/elementor\/thumbs\/midecccc-r4uyl59qnq5op99gr5grbors0smjch1gs61enhluo8.png\" alt=\"Segunda Conferencia Interamericana de Educaci\u00f3n Cient\u00edfica\" class=\"wpr-anim-timing-ease-default\"><\/div><div class=\"wpr-grid-media-hover wpr-animation-wrap\"><div class=\"wpr-grid-media-hover-bg  wpr-overlay-fade-in wpr-anim-size-large wpr-anim-timing-ease-default wpr-anim-transparency\" data-url=\"https:\/\/profesionalizacionstem.com\/index.php\/2025\/04\/24\/segunda-conferencia-interamericana-de-educacion-cientifica-2\/\"><\/div><\/div><\/div><div class=\"wpr-grid-item-below-content elementor-clearfix\"><div class=\"wpr-grid-item-category elementor-repeater-item-d4b7405 wpr-grid-item-display-block wpr-grid-item-align-left wpr-pointer-none wpr-pointer-line-fx wpr-pointer-fx-fade wpr-grid-tax-style-1\"><div class=\"inner-block\"><a class=\" wpr-tax-id-4\" href=\"https:\/\/profesionalizacionstem.com\/index.php\/category\/avisos\/\">Avisos<span class=\"tax-sep\"><\/span><\/a><a class=\" wpr-tax-id-10\" href=\"https:\/\/profesionalizacionstem.com\/index.php\/category\/convocatorias\/\">Convocatorias<span class=\"tax-sep\"><\/span><\/a><a class=\" wpr-tax-id-9\" href=\"https:\/\/profesionalizacionstem.com\/index.php\/category\/eventos\/\">Eventos<\/a><\/div><\/div><h2 class=\"wpr-grid-item-title elementor-repeater-item-b7bcefd wpr-grid-item-display-block wpr-grid-item-align-left wpr-pointer-none wpr-pointer-line-fx wpr-pointer-fx-fade\"><div class=\"inner-block\"><a target=\"_self\"  href=\"https:\/\/profesionalizacionstem.com\/index.php\/2025\/04\/24\/segunda-conferencia-interamericana-de-educacion-cientifica-2\/\">Segunda Conferencia Interamericana de Educaci\u00f3n Cient\u00edfica<\/a><\/div><\/h2><div class=\"wpr-grid-item-author elementor-repeater-item-c506471 wpr-grid-item-display-inline wpr-grid-item-align-left\"><div class=\"inner-block\"><a href=\"https:\/\/profesionalizacionstem.com\/index.php\/author\/pilarsuarezrdz\/\"><span class=\"wpr-grid-extra-icon-left\"><svg aria-hidden=\"true\" class=\"e-font-icon-svg e-far-user-circle\" viewBox=\"0 0 496 512\" xmlns=\"http:\/\/www.w3.org\/2000\/svg\"><path d=\"M248 104c-53 0-96 43-96 96s43 96 96 96 96-43 96-96-43-96-96-96zm0 144c-26.5 0-48-21.5-48-48s21.5-48 48-48 48 21.5 48 48-21.5 48-48 48zm0-240C111 8 0 119 0 256s111 248 248 248 248-111 248-248S385 8 248 8zm0 448c-49.7 0-95.1-18.3-130.1-48.4 14.9-23 40.4-38.6 69.6-39.5 20.8 6.4 40.6 9.6 60.5 9.6s39.7-3.1 60.5-9.6c29.2 1 54.7 16.5 69.6 39.5-35 30.1-80.4 48.4-130.1 48.4zm162.7-84.1c-24.4-31.4-62.1-51.9-105.1-51.9-10.2 0-26 9.6-57.6 9.6-31.5 0-47.4-9.6-57.6-9.6-42.9 0-80.6 20.5-105.1 51.9C61.9 339.2 48 299.2 48 256c0-110.3 89.7-200 200-200s200 89.7 200 200c0 43.2-13.9 83.2-37.3 115.9z\"><\/path><\/svg><\/span><span>pilarsuarezrdz<\/span><\/a><span class=\"wpr-grid-extra-text-right\">-<\/span><\/div><\/div><div class=\"wpr-grid-item-date elementor-repeater-item-12100f8 wpr-grid-item-display-inline wpr-grid-item-align-left\"><div class=\"inner-block\"><span><span class=\"wpr-grid-extra-icon-left\"><svg aria-hidden=\"true\" class=\"e-font-icon-svg e-far-clock\" viewBox=\"0 0 512 512\" xmlns=\"http:\/\/www.w3.org\/2000\/svg\"><path d=\"M256 8C119 8 8 119 8 256s111 248 248 248 248-111 248-248S393 8 256 8zm0 448c-110.5 0-200-89.5-200-200S145.5 56 256 56s200 89.5 200 200-89.5 200-200 200zm61.8-104.4l-84.9-61.7c-3.1-2.3-4.9-5.9-4.9-9.7V116c0-6.6 5.4-12 12-12h32c6.6 0 12 5.4 12 12v141.7l66.8 48.6c5.4 3.9 6.5 11.4 2.6 16.8L334.6 349c-3.9 5.3-11.4 6.5-16.8 2.6z\"><\/path><\/svg><\/span>24 de abril de 2025<\/span><\/div><\/div><div class=\"wpr-grid-item-excerpt elementor-repeater-item-2885fde wpr-grid-item-display-block wpr-grid-item-align-left\"><div class=\"inner-block\"><p>La Mesa Interamericana de Di\u00e1logo por la Educaci\u00f3n Cient\u00edfica (MIDEC), integrada por 19 asociaciones...<\/p><\/div><\/div><div class=\"wpr-grid-item-read-more elementor-repeater-item-eba0341 wpr-grid-item-display-block wpr-grid-item-align-left\"><div class=\"inner-block\"><a target=\"_self\" href=\"https:\/\/profesionalizacionstem.com\/index.php\/2025\/04\/24\/segunda-conferencia-interamericana-de-educacion-cientifica-2\/\" class=\"wpr-button-effect wpr-button-none\"><span>Read More<\/span><\/a><\/div><\/div><\/div><\/div><\/article><article class=\"wpr-grid-item elementor-clearfix post-711 post type-post status-publish format-standard has-post-thumbnail hentry category-avisos\"><div class=\"wpr-grid-item-inner\"><div class=\"wpr-grid-media-wrap wpr-effect-size-medium \" data-overlay-link=\"yes\"><div class=\"wpr-grid-image-wrap\" data-src=\"https:\/\/profesionalizacionstem.com\/wp-content\/uploads\/elementor\/thumbs\/Imagen-de-WhatsApp-2025-04-10-a-las-17.03.08_738b7067-r47o9vxzin0zjsbjfi1d2thfiwcp0ih2ipcg0ap11k.jpg\" data-img-on-hover=\"\"  data-src-secondary=\"\"><img decoding=\"async\" data-no-lazy=\"1\" src=\"https:\/\/profesionalizacionstem.com\/wp-content\/uploads\/elementor\/thumbs\/Imagen-de-WhatsApp-2025-04-10-a-las-17.03.08_738b7067-r47o9vxzin0zjsbjfi1d2thfiwcp0ih2ipcg0ap11k.jpg\" alt=\"Solicitamos apoyo para el proyecto FABRICACI\u00d3N DE UN VEH\u00cdCULO MONOPLAZASobre Nosotros\" class=\"wpr-anim-timing-ease-default\"><\/div><div class=\"wpr-grid-media-hover wpr-animation-wrap\"><div class=\"wpr-grid-media-hover-bg  wpr-overlay-fade-in wpr-anim-size-large wpr-anim-timing-ease-default wpr-anim-transparency\" data-url=\"https:\/\/profesionalizacionstem.com\/index.php\/2025\/04\/11\/solicitamos-apoyo-para-el-proyecto-fabricacion-de-un-vehiculo-monoplazasobre-nosotros\/\"><\/div><\/div><\/div><div class=\"wpr-grid-item-below-content elementor-clearfix\"><div class=\"wpr-grid-item-category elementor-repeater-item-d4b7405 wpr-grid-item-display-block wpr-grid-item-align-left wpr-pointer-none wpr-pointer-line-fx wpr-pointer-fx-fade wpr-grid-tax-style-1\"><div class=\"inner-block\"><a class=\" wpr-tax-id-4\" href=\"https:\/\/profesionalizacionstem.com\/index.php\/category\/avisos\/\">Avisos<\/a><\/div><\/div><h2 class=\"wpr-grid-item-title elementor-repeater-item-b7bcefd wpr-grid-item-display-block wpr-grid-item-align-left wpr-pointer-none wpr-pointer-line-fx wpr-pointer-fx-fade\"><div class=\"inner-block\"><a target=\"_self\"  href=\"https:\/\/profesionalizacionstem.com\/index.php\/2025\/04\/11\/solicitamos-apoyo-para-el-proyecto-fabricacion-de-un-vehiculo-monoplazasobre-nosotros\/\">Solicitamos apoyo para el proyecto FABRICACI\u00d3N DE UN VEH\u00cdCULO MONOPLAZASobre Nosotros<\/a><\/div><\/h2><div class=\"wpr-grid-item-author elementor-repeater-item-c506471 wpr-grid-item-display-inline wpr-grid-item-align-left\"><div class=\"inner-block\"><a href=\"https:\/\/profesionalizacionstem.com\/index.php\/author\/pilarsuarezrdz\/\"><span class=\"wpr-grid-extra-icon-left\"><svg aria-hidden=\"true\" class=\"e-font-icon-svg e-far-user-circle\" viewBox=\"0 0 496 512\" xmlns=\"http:\/\/www.w3.org\/2000\/svg\"><path d=\"M248 104c-53 0-96 43-96 96s43 96 96 96 96-43 96-96-43-96-96-96zm0 144c-26.5 0-48-21.5-48-48s21.5-48 48-48 48 21.5 48 48-21.5 48-48 48zm0-240C111 8 0 119 0 256s111 248 248 248 248-111 248-248S385 8 248 8zm0 448c-49.7 0-95.1-18.3-130.1-48.4 14.9-23 40.4-38.6 69.6-39.5 20.8 6.4 40.6 9.6 60.5 9.6s39.7-3.1 60.5-9.6c29.2 1 54.7 16.5 69.6 39.5-35 30.1-80.4 48.4-130.1 48.4zm162.7-84.1c-24.4-31.4-62.1-51.9-105.1-51.9-10.2 0-26 9.6-57.6 9.6-31.5 0-47.4-9.6-57.6-9.6-42.9 0-80.6 20.5-105.1 51.9C61.9 339.2 48 299.2 48 256c0-110.3 89.7-200 200-200s200 89.7 200 200c0 43.2-13.9 83.2-37.3 115.9z\"><\/path><\/svg><\/span><span>pilarsuarezrdz<\/span><\/a><span class=\"wpr-grid-extra-text-right\">-<\/span><\/div><\/div><div class=\"wpr-grid-item-date elementor-repeater-item-12100f8 wpr-grid-item-display-inline wpr-grid-item-align-left\"><div class=\"inner-block\"><span><span class=\"wpr-grid-extra-icon-left\"><svg aria-hidden=\"true\" class=\"e-font-icon-svg e-far-clock\" viewBox=\"0 0 512 512\" xmlns=\"http:\/\/www.w3.org\/2000\/svg\"><path d=\"M256 8C119 8 8 119 8 256s111 248 248 248 248-111 248-248S393 8 256 8zm0 448c-110.5 0-200-89.5-200-200S145.5 56 256 56s200 89.5 200 200-89.5 200-200 200zm61.8-104.4l-84.9-61.7c-3.1-2.3-4.9-5.9-4.9-9.7V116c0-6.6 5.4-12 12-12h32c6.6 0 12 5.4 12 12v141.7l66.8 48.6c5.4 3.9 6.5 11.4 2.6 16.8L334.6 349c-3.9 5.3-11.4 6.5-16.8 2.6z\"><\/path><\/svg><\/span>11 de abril de 2025<\/span><\/div><\/div><div class=\"wpr-grid-item-excerpt elementor-repeater-item-2885fde wpr-grid-item-display-block wpr-grid-item-align-left\"><div class=\"inner-block\"><p>Somos un equipo conformado por estudiantes y profesores de ingenier\u00eda Mec\u00e1nica El\u00e9ctrica y Contadur\u00eda...<\/p><\/div><\/div><div class=\"wpr-grid-item-read-more elementor-repeater-item-eba0341 wpr-grid-item-display-block wpr-grid-item-align-left\"><div class=\"inner-block\"><a target=\"_self\" href=\"https:\/\/profesionalizacionstem.com\/index.php\/2025\/04\/11\/solicitamos-apoyo-para-el-proyecto-fabricacion-de-un-vehiculo-monoplazasobre-nosotros\/\" class=\"wpr-button-effect wpr-button-none\"><span>Read More<\/span><\/a><\/div><\/div><\/div><\/div><\/article><article class=\"wpr-grid-item elementor-clearfix post-708 post type-post status-publish format-standard has-post-thumbnail hentry category-avisos category-convocatorias\"><div class=\"wpr-grid-item-inner\"><div class=\"wpr-grid-media-wrap wpr-effect-size-medium \" data-overlay-link=\"yes\"><div class=\"wpr-grid-image-wrap\" data-src=\"https:\/\/profesionalizacionstem.com\/wp-content\/uploads\/elementor\/thumbs\/cropped-Banner-Hero-1000x288-1-r431wsk7nqeqgdtaj6k6gn980xu1g36pffvs3ks8so.png\" data-img-on-hover=\"\"  data-src-secondary=\"\"><img decoding=\"async\" data-no-lazy=\"1\" src=\"https:\/\/profesionalizacionstem.com\/wp-content\/uploads\/elementor\/thumbs\/cropped-Banner-Hero-1000x288-1-r431wsk7nqeqgdtaj6k6gn980xu1g36pffvs3ks8so.png\" alt=\"El 8\u00b0 Encuentro de Investigaci\u00f3n en Educaci\u00f3n en Ciencias Naturales y Tecnolog\u00eda -8EDUCiNa- se realizar\u00e1 entre el 24 y el 27 de junio de 2025.\" class=\"wpr-anim-timing-ease-default\"><\/div><div class=\"wpr-grid-media-hover wpr-animation-wrap\"><div class=\"wpr-grid-media-hover-bg  wpr-overlay-fade-in wpr-anim-size-large wpr-anim-timing-ease-default wpr-anim-transparency\" data-url=\"https:\/\/profesionalizacionstem.com\/index.php\/2025\/04\/08\/el-8-encuentro-de-investigacion-en-educacion-en-ciencias-naturales-y-tecnologia-8educina-se-realizara-entre-el-24-y-el-27-de-junio-de-2025\/\"><\/div><\/div><\/div><div class=\"wpr-grid-item-below-content elementor-clearfix\"><div class=\"wpr-grid-item-category elementor-repeater-item-d4b7405 wpr-grid-item-display-block wpr-grid-item-align-left wpr-pointer-none wpr-pointer-line-fx wpr-pointer-fx-fade wpr-grid-tax-style-1\"><div class=\"inner-block\"><a class=\" wpr-tax-id-4\" href=\"https:\/\/profesionalizacionstem.com\/index.php\/category\/avisos\/\">Avisos<span class=\"tax-sep\"><\/span><\/a><a class=\" wpr-tax-id-10\" href=\"https:\/\/profesionalizacionstem.com\/index.php\/category\/convocatorias\/\">Convocatorias<\/a><\/div><\/div><h2 class=\"wpr-grid-item-title elementor-repeater-item-b7bcefd wpr-grid-item-display-block wpr-grid-item-align-left wpr-pointer-none wpr-pointer-line-fx wpr-pointer-fx-fade\"><div class=\"inner-block\"><a target=\"_self\"  href=\"https:\/\/profesionalizacionstem.com\/index.php\/2025\/04\/08\/el-8-encuentro-de-investigacion-en-educacion-en-ciencias-naturales-y-tecnologia-8educina-se-realizara-entre-el-24-y-el-27-de-junio-de-2025\/\">El 8\u00b0 Encuentro de Investigaci\u00f3n en Educaci\u00f3n en Ciencias Naturales y Tecnolog\u00eda -8EDUCiNa- se realizar\u00e1 entre el 24 y el&hellip;<\/a><\/div><\/h2><div class=\"wpr-grid-item-author elementor-repeater-item-c506471 wpr-grid-item-display-inline wpr-grid-item-align-left\"><div class=\"inner-block\"><a href=\"https:\/\/profesionalizacionstem.com\/index.php\/author\/pilarsuarezrdz\/\"><span class=\"wpr-grid-extra-icon-left\"><svg aria-hidden=\"true\" class=\"e-font-icon-svg e-far-user-circle\" viewBox=\"0 0 496 512\" xmlns=\"http:\/\/www.w3.org\/2000\/svg\"><path d=\"M248 104c-53 0-96 43-96 96s43 96 96 96 96-43 96-96-43-96-96-96zm0 144c-26.5 0-48-21.5-48-48s21.5-48 48-48 48 21.5 48 48-21.5 48-48 48zm0-240C111 8 0 119 0 256s111 248 248 248 248-111 248-248S385 8 248 8zm0 448c-49.7 0-95.1-18.3-130.1-48.4 14.9-23 40.4-38.6 69.6-39.5 20.8 6.4 40.6 9.6 60.5 9.6s39.7-3.1 60.5-9.6c29.2 1 54.7 16.5 69.6 39.5-35 30.1-80.4 48.4-130.1 48.4zm162.7-84.1c-24.4-31.4-62.1-51.9-105.1-51.9-10.2 0-26 9.6-57.6 9.6-31.5 0-47.4-9.6-57.6-9.6-42.9 0-80.6 20.5-105.1 51.9C61.9 339.2 48 299.2 48 256c0-110.3 89.7-200 200-200s200 89.7 200 200c0 43.2-13.9 83.2-37.3 115.9z\"><\/path><\/svg><\/span><span>pilarsuarezrdz<\/span><\/a><span class=\"wpr-grid-extra-text-right\">-<\/span><\/div><\/div><div class=\"wpr-grid-item-date elementor-repeater-item-12100f8 wpr-grid-item-display-inline wpr-grid-item-align-left\"><div class=\"inner-block\"><span><span class=\"wpr-grid-extra-icon-left\"><svg aria-hidden=\"true\" class=\"e-font-icon-svg e-far-clock\" viewBox=\"0 0 512 512\" xmlns=\"http:\/\/www.w3.org\/2000\/svg\"><path d=\"M256 8C119 8 8 119 8 256s111 248 248 248 248-111 248-248S393 8 256 8zm0 448c-110.5 0-200-89.5-200-200S145.5 56 256 56s200 89.5 200 200-89.5 200-200 200zm61.8-104.4l-84.9-61.7c-3.1-2.3-4.9-5.9-4.9-9.7V116c0-6.6 5.4-12 12-12h32c6.6 0 12 5.4 12 12v141.7l66.8 48.6c5.4 3.9 6.5 11.4 2.6 16.8L334.6 349c-3.9 5.3-11.4 6.5-16.8 2.6z\"><\/path><\/svg><\/span>8 de abril de 2025<\/span><\/div><\/div><div class=\"wpr-grid-item-excerpt elementor-repeater-item-2885fde wpr-grid-item-display-block wpr-grid-item-align-left\"><div class=\"inner-block\"><p>El 8\u00b0 Encuentro de Investigaci\u00f3n en Educaci\u00f3n en Ciencias Naturales y Tecnolog\u00eda -8EDUCiNa- se...<\/p><\/div><\/div><div class=\"wpr-grid-item-read-more elementor-repeater-item-eba0341 wpr-grid-item-display-block wpr-grid-item-align-left\"><div class=\"inner-block\"><a target=\"_self\" href=\"https:\/\/profesionalizacionstem.com\/index.php\/2025\/04\/08\/el-8-encuentro-de-investigacion-en-educacion-en-ciencias-naturales-y-tecnologia-8educina-se-realizara-entre-el-24-y-el-27-de-junio-de-2025\/\" class=\"wpr-button-effect wpr-button-none\"><span>Read More<\/span><\/a><\/div><\/div><\/div><\/div><\/article><article class=\"wpr-grid-item elementor-clearfix post-705 post type-post status-publish format-standard has-post-thumbnail hentry category-avisos\"><div class=\"wpr-grid-item-inner\"><div class=\"wpr-grid-media-wrap wpr-effect-size-medium \" data-overlay-link=\"yes\"><div class=\"wpr-grid-image-wrap\" data-src=\"https:\/\/profesionalizacionstem.com\/wp-content\/uploads\/elementor\/thumbs\/SharedScreenshot-r431t6uhglh5y71pkmhnwjzm1rldxuvqxlurve4knc.jpg\" data-img-on-hover=\"\"  data-src-secondary=\"\"><img decoding=\"async\" data-no-lazy=\"1\" src=\"https:\/\/profesionalizacionstem.com\/wp-content\/uploads\/elementor\/thumbs\/SharedScreenshot-r431t6uhglh5y71pkmhnwjzm1rldxuvqxlurve4knc.jpg\" alt=\"Observatorio Nacional de Ense\u00f1anza de la F\u00edsica\" class=\"wpr-anim-timing-ease-default\"><\/div><div class=\"wpr-grid-media-hover wpr-animation-wrap\"><div class=\"wpr-grid-media-hover-bg  wpr-overlay-fade-in wpr-anim-size-large wpr-anim-timing-ease-default wpr-anim-transparency\" data-url=\"https:\/\/profesionalizacionstem.com\/index.php\/2025\/04\/08\/observatorio-nacional-de-ensenanza-de-la-fisica\/\"><\/div><\/div><\/div><div class=\"wpr-grid-item-below-content elementor-clearfix\"><div class=\"wpr-grid-item-category elementor-repeater-item-d4b7405 wpr-grid-item-display-block wpr-grid-item-align-left wpr-pointer-none wpr-pointer-line-fx wpr-pointer-fx-fade wpr-grid-tax-style-1\"><div class=\"inner-block\"><a class=\" wpr-tax-id-4\" href=\"https:\/\/profesionalizacionstem.com\/index.php\/category\/avisos\/\">Avisos<\/a><\/div><\/div><h2 class=\"wpr-grid-item-title elementor-repeater-item-b7bcefd wpr-grid-item-display-block wpr-grid-item-align-left wpr-pointer-none wpr-pointer-line-fx wpr-pointer-fx-fade\"><div class=\"inner-block\"><a target=\"_self\"  href=\"https:\/\/profesionalizacionstem.com\/index.php\/2025\/04\/08\/observatorio-nacional-de-ensenanza-de-la-fisica\/\">Observatorio Nacional de Ense\u00f1anza de la F\u00edsica<\/a><\/div><\/h2><div class=\"wpr-grid-item-author elementor-repeater-item-c506471 wpr-grid-item-display-inline wpr-grid-item-align-left\"><div class=\"inner-block\"><a href=\"https:\/\/profesionalizacionstem.com\/index.php\/author\/pilarsuarezrdz\/\"><span class=\"wpr-grid-extra-icon-left\"><svg aria-hidden=\"true\" class=\"e-font-icon-svg e-far-user-circle\" viewBox=\"0 0 496 512\" xmlns=\"http:\/\/www.w3.org\/2000\/svg\"><path d=\"M248 104c-53 0-96 43-96 96s43 96 96 96 96-43 96-96-43-96-96-96zm0 144c-26.5 0-48-21.5-48-48s21.5-48 48-48 48 21.5 48 48-21.5 48-48 48zm0-240C111 8 0 119 0 256s111 248 248 248 248-111 248-248S385 8 248 8zm0 448c-49.7 0-95.1-18.3-130.1-48.4 14.9-23 40.4-38.6 69.6-39.5 20.8 6.4 40.6 9.6 60.5 9.6s39.7-3.1 60.5-9.6c29.2 1 54.7 16.5 69.6 39.5-35 30.1-80.4 48.4-130.1 48.4zm162.7-84.1c-24.4-31.4-62.1-51.9-105.1-51.9-10.2 0-26 9.6-57.6 9.6-31.5 0-47.4-9.6-57.6-9.6-42.9 0-80.6 20.5-105.1 51.9C61.9 339.2 48 299.2 48 256c0-110.3 89.7-200 200-200s200 89.7 200 200c0 43.2-13.9 83.2-37.3 115.9z\"><\/path><\/svg><\/span><span>pilarsuarezrdz<\/span><\/a><span class=\"wpr-grid-extra-text-right\">-<\/span><\/div><\/div><div class=\"wpr-grid-item-date elementor-repeater-item-12100f8 wpr-grid-item-display-inline wpr-grid-item-align-left\"><div class=\"inner-block\"><span><span class=\"wpr-grid-extra-icon-left\"><svg aria-hidden=\"true\" class=\"e-font-icon-svg e-far-clock\" viewBox=\"0 0 512 512\" xmlns=\"http:\/\/www.w3.org\/2000\/svg\"><path d=\"M256 8C119 8 8 119 8 256s111 248 248 248 248-111 248-248S393 8 256 8zm0 448c-110.5 0-200-89.5-200-200S145.5 56 256 56s200 89.5 200 200-89.5 200-200 200zm61.8-104.4l-84.9-61.7c-3.1-2.3-4.9-5.9-4.9-9.7V116c0-6.6 5.4-12 12-12h32c6.6 0 12 5.4 12 12v141.7l66.8 48.6c5.4 3.9 6.5 11.4 2.6 16.8L334.6 349c-3.9 5.3-11.4 6.5-16.8 2.6z\"><\/path><\/svg><\/span>8 de abril de 2025<\/span><\/div><\/div><div class=\"wpr-grid-item-excerpt elementor-repeater-item-2885fde wpr-grid-item-display-block wpr-grid-item-align-left\"><div class=\"inner-block\"><p>9\u00ba ENCONTRO NACIONAL DE APRENDIZAGEM SIGNIFICATIVA, Universidade do Vale do Taquari &#8211; UNIVATES, 17...<\/p><\/div><\/div><div class=\"wpr-grid-item-read-more elementor-repeater-item-eba0341 wpr-grid-item-display-block wpr-grid-item-align-left\"><div class=\"inner-block\"><a target=\"_self\" href=\"https:\/\/profesionalizacionstem.com\/index.php\/2025\/04\/08\/observatorio-nacional-de-ensenanza-de-la-fisica\/\" class=\"wpr-button-effect wpr-button-none\"><span>Read More<\/span><\/a><\/div><\/div><\/div><\/div><\/article><\/section><div class=\"wpr-grid-pagination elementor-clearfix wpr-grid-pagination-load-more\"><a href=\"https:\/\/profesionalizacionstem.com\/index.php\/wp-json\/wp\/v2\/pages\/968\/page\/2\/\" class=\"wpr-load-more-btn\" data-e-disable-page-transition >See More Posts<\/a><div class=\"wpr-pagination-loading\"><div class=\"wpr-double-bounce\"><div class=\"wpr-child wpr-double-bounce1\"><\/div><div class=\"wpr-child wpr-double-bounce2\"><\/div><\/div><\/div><p class=\"wpr-pagination-finish\">End of Content.<\/p><\/div>\t\t\t\t<\/div>\n\t\t\t\t\t<\/div>\n\t\t<\/div>\n\t\t\t\t\t<\/div>\n\t\t<\/section>\n\t\t\t\t<\/div>\n\t\t","protected":false},"excerpt":{"rendered":"<p>BeautyPhotography Setting Goals and Staying Motivated Consulted perpetual of pronounce me delivered. Too months nay end change relied who beauty wishes matter. Shew of john real park so rest we on. Ignorant dwelling&hellip; Read More LifestyleTravel Reflecting on the Blessings in My Life Consulted perpetual of pronounce me delivered. Too months nay end change relied who beauty wishes matter. Shew of john real park so rest we on. Ignorant dwelling&hellip; Read More BeautyPhotography My Experience with Anxiety and Depression Consulted perpetual of pronounce me delivered. Too months nay end change relied who beauty wishes matter. Shew of john real park so rest we on. Ignorant dwelling&hellip; Read More LifestyleTravel Change: Coping with Life&#8217;s Transitions Consulted perpetual of pronounce me delivered. Too months nay end change relied who beauty wishes matter. Shew of john real park so rest we on. Ignorant dwelling&hellip; Read More All Post Beauty Lifestyle Photography Travel BeautyPhotography Setting Goals and Staying Motivated Hellen-April 16, 2023 Consulted perpetual of pronounce me delivered. Too months nay end change relied who beauty&hellip; Read More LifestyleTravel Reflecting on the Blessings in My Life Hellen-April 16, 2023 Consulted perpetual of pronounce me delivered. Too months nay end change relied who beauty&hellip; Read More BeautyPhotography My Experience with Anxiety and Depression Hellen-April 16, 2023 Consulted perpetual of pronounce me delivered. Too months nay end change relied who beauty&hellip; Read More LifestyleTravel Change: Coping with Life&#8217;s Transitions Hellen-April 16, 2023 Consulted perpetual of pronounce me delivered. Too months nay end change relied who beauty&hellip; Read More BeautyPhotography Traveled: Lessons from Taking Risks Hellen-April 16, 2023 Consulted perpetual of pronounce me delivered. Too months nay end change relied who beauty&hellip; Read More LifestyleTravel Learning to Embrace My Imperfections Hellen-April 16, 2023 Consulted perpetual of pronounce me delivered. Too months nay end change relied who beauty&hellip; Read More BeautyPhotography Travel: Exploring the World on My Own Hellen-April 16, 2023 Consulted perpetual of pronounce me delivered. Too months nay end change relied who beauty&hellip; Read More LifestyleTravel Moments that Matter in Life and Love Hellen-April 16, 2023 Consulted perpetual of pronounce me delivered. Too months nay end change relied who beauty&hellip; Read More BeautyPhotography Breaking Free from Conventional Wisdom Hellen-April 16, 2023 Consulted perpetual of pronounce me delivered. Too months nay end change relied who beauty&hellip; Read More See More Posts End of Content.<\/p>\n","protected":false},"author":1,"featured_media":0,"parent":0,"menu_order":0,"comment_status":"closed","ping_status":"closed","template":"elementor_canvas","meta":{"footnotes":""},"class_list":["post-968","page","type-page","status-publish","hentry"],"_links":{"self":[{"href":"https:\/\/profesionalizacionstem.com\/index.php\/wp-json\/wp\/v2\/pages\/968"}],"collection":[{"href":"https:\/\/profesionalizacionstem.com\/index.php\/wp-json\/wp\/v2\/pages"}],"about":[{"href":"https:\/\/profesionalizacionstem.com\/index.php\/wp-json\/wp\/v2\/types\/page"}],"author":[{"embeddable":true,"href":"https:\/\/profesionalizacionstem.com\/index.php\/wp-json\/wp\/v2\/users\/1"}],"replies":[{"embeddable":true,"href":"https:\/\/profesionalizacionstem.com\/index.php\/wp-json\/wp\/v2\/comments?post=968"}],"version-history":[{"count":0,"href":"https:\/\/profesionalizacionstem.com\/index.php\/wp-json\/wp\/v2\/pages\/968\/revisions"}],"wp:attachment":[{"href":"https:\/\/profesionalizacionstem.com\/index.php\/wp-json\/wp\/v2\/media?parent=968"}],"curies":[{"name":"wp","href":"https:\/\/api.w.org\/{rel}","templated":true}]}}